{"id":47,"date":"2018-03-06T08:39:14","date_gmt":"2018-03-06T08:39:14","guid":{"rendered":"http:\/\/artsped.de\/?page_id=47"},"modified":"2021-10-19T10:17:04","modified_gmt":"2021-10-19T10:17:04","slug":"kontakt","status":"publish","type":"page","link":"https:\/\/kunstsped.de\/en\/kontakt","title":{"rendered":"contact"},"content":{"rendered":"<h1 style=\"text-align: center;\"><span style=\"color: #bf0000;\">kunstsped.de<\/span><\/h1>\n<h4 style=\"text-align: center;\">Dipl.-Kfm. Bj\u00f6rn Kowalik<br \/>\nKunst- und Antiquit\u00e4tentransporte<br \/>\nBundesstr. 66<br \/>\nDE &#8211; 21382 Brietlingen<br \/>\nTel +49 (0) 4133 404 871<br \/>\nFax +49 (0) 4133 404 872<br \/>\n<a href=\"mailto:info@kunstsped.de\">info@kunstsped.de<\/a><br \/>\nwww.kunstsped.de<\/h4>\n<p style=\"text-align: center;\">office hours: monday to friday 9.00 - 16.30<\/p>","protected":false},"excerpt":{"rendered":"<p>kunstsped.de Dipl.-Kfm. Bj\u00f6rn Kowalik Kunst- und Antiquit\u00e4tentransporte Bundesstr. 66 DE &#8211; 21382 Brietlingen Tel +49 (0) 4133 404 871 Fax +49 (0) 4133 404 872 info@kunstsped.de www.kunstsped.de B\u00fcrozeiten: Montag &#8211; Freitag 09.00 Uhr &#8211; 16.30 Uhr<a class=\"more-link\" href=\"https:\/\/kunstsped.de\/en\/kontakt\">Read More &rarr;<\/a><\/p>","protected":false},"author":1,"featured_media":0,"parent":0,"menu_order":0,"comment_status":"closed","ping_status":"closed","template":"","meta":{"jetpack_post_was_ever_published":false,"footnotes":""},"class_list":["entry","page","publish","author-artspedadmin","post-47"],"yoast_head":"<!-- This site is optimized with the Yoast SEO plugin v24.1 - https:\/\/yoast.com\/wordpress\/plugins\/seo\/ -->\n<title>kunstsped.de - Kontakt<\/title>\n<meta name=\"description\" content=\"kunstsped.de - Kunst- und Antiquit\u00e4tentransporte \/ g\u00fcnstige Beiladungen und Sammeltransporte in Deutschland und im europ\u00e4ischen Ausland f\u00fcr Auktionsh\u00e4user, Galerien, Sammler und Privatkunden\" \/>\n<meta name=\"robots\" content=\"index, follow, max-snippet:-1, max-image-preview:large, max-video-preview:-1\" \/>\n<link rel=\"canonical\" href=\"https:\/\/kunstsped.de\/en\/kontakt\/\" \/>\n<meta property=\"og:locale\" content=\"en_US\" \/>\n<meta property=\"og:type\" content=\"article\" \/>\n<meta property=\"og:title\" content=\"kunstsped.de - Kontakt\" \/>\n<meta property=\"og:description\" content=\"kunstsped.de - Kunst- und Antiquit\u00e4tentransporte \/ g\u00fcnstige Beiladungen und Sammeltransporte in Deutschland und im europ\u00e4ischen Ausland f\u00fcr Auktionsh\u00e4user, Galerien, Sammler und Privatkunden\" \/>\n<meta property=\"og:url\" content=\"https:\/\/kunstsped.de\/en\/kontakt\/\" \/>\n<meta property=\"og:site_name\" content=\"kunstsped.de\" \/>\n<meta property=\"article:modified_time\" content=\"2021-10-19T10:17:04+00:00\" \/>\n<meta name=\"twitter:card\" content=\"summary_large_image\" \/>\n<script type=\"application\/ld+json\" class=\"yoast-schema-graph\">{\"@context\":\"https:\/\/schema.org\",\"@graph\":[{\"@type\":\"WebPage\",\"@id\":\"https:\/\/kunstsped.de\/de_de\/kontakt\",\"url\":\"https:\/\/kunstsped.de\/de_de\/kontakt\",\"name\":\"kunstsped.de - Kontakt\",\"isPartOf\":{\"@id\":\"https:\/\/kunstsped.de\/de_de\/#website\"},\"datePublished\":\"2018-03-06T08:39:14+00:00\",\"dateModified\":\"2021-10-19T10:17:04+00:00\",\"description\":\"kunstsped.de - Kunst- und Antiquit\u00e4tentransporte \/ g\u00fcnstige Beiladungen und Sammeltransporte in Deutschland und im europ\u00e4ischen Ausland f\u00fcr Auktionsh\u00e4user, Galerien, Sammler und Privatkunden\",\"breadcrumb\":{\"@id\":\"https:\/\/kunstsped.de\/de_de\/kontakt#breadcrumb\"},\"inLanguage\":\"en-US\",\"potentialAction\":[{\"@type\":\"ReadAction\",\"target\":[\"https:\/\/kunstsped.de\/de_de\/kontakt\"]}]},{\"@type\":\"BreadcrumbList\",\"@id\":\"https:\/\/kunstsped.de\/de_de\/kontakt#breadcrumb\",\"itemListElement\":[{\"@type\":\"ListItem\",\"position\":1,\"name\":\"Startseite\",\"item\":\"https:\/\/kunstsped.de\/\"},{\"@type\":\"ListItem\",\"position\":2,\"name\":\"Kontakt\"}]},{\"@type\":\"WebSite\",\"@id\":\"https:\/\/kunstsped.de\/de_de\/#website\",\"url\":\"https:\/\/kunstsped.de\/de_de\/\",\"name\":\"kunstsped.de\",\"description\":\"Kunst- und Antiquit\u00e4tentransporte\",\"potentialAction\":[{\"@type\":\"SearchAction\",\"target\":{\"@type\":\"EntryPoint\",\"urlTemplate\":\"https:\/\/kunstsped.de\/de_de\/?s={search_term_string}\"},\"query-input\":{\"@type\":\"PropertyValueSpecification\",\"valueRequired\":true,\"valueName\":\"search_term_string\"}}],\"inLanguage\":\"en-US\"}]}<\/script>\n<!-- \/ Yoast SEO plugin. -->","yoast_head_json":{"title":"kunstsped.de - Kontakt","description":"kunstsped.de - Kunst- und Antiquit\u00e4tentransporte \/ g\u00fcnstige Beiladungen und Sammeltransporte in Deutschland und im europ\u00e4ischen Ausland f\u00fcr Auktionsh\u00e4user, Galerien, Sammler und Privatkunden","robots":{"index":"index","follow":"follow","max-snippet":"max-snippet:-1","max-image-preview":"max-image-preview:large","max-video-preview":"max-video-preview:-1"},"canonical":"https:\/\/kunstsped.de\/en\/kontakt\/","og_locale":"en_US","og_type":"article","og_title":"kunstsped.de - Kontakt","og_description":"kunstsped.de - Kunst- und Antiquit\u00e4tentransporte \/ g\u00fcnstige Beiladungen und Sammeltransporte in Deutschland und im europ\u00e4ischen Ausland f\u00fcr Auktionsh\u00e4user, Galerien, Sammler und Privatkunden","og_url":"https:\/\/kunstsped.de\/en\/kontakt\/","og_site_name":"kunstsped.de","article_modified_time":"2021-10-19T10:17:04+00:00","twitter_card":"summary_large_image","schema":{"@context":"https:\/\/schema.org","@graph":[{"@type":"WebPage","@id":"https:\/\/kunstsped.de\/de_de\/kontakt","url":"https:\/\/kunstsped.de\/de_de\/kontakt","name":"kunstsped.de - Kontakt","isPartOf":{"@id":"https:\/\/kunstsped.de\/de_de\/#website"},"datePublished":"2018-03-06T08:39:14+00:00","dateModified":"2021-10-19T10:17:04+00:00","description":"kunstsped.de - Kunst- und Antiquit\u00e4tentransporte \/ g\u00fcnstige Beiladungen und Sammeltransporte in Deutschland und im europ\u00e4ischen Ausland f\u00fcr Auktionsh\u00e4user, Galerien, Sammler und Privatkunden","breadcrumb":{"@id":"https:\/\/kunstsped.de\/de_de\/kontakt#breadcrumb"},"inLanguage":"en-US","potentialAction":[{"@type":"ReadAction","target":["https:\/\/kunstsped.de\/de_de\/kontakt"]}]},{"@type":"BreadcrumbList","@id":"https:\/\/kunstsped.de\/de_de\/kontakt#breadcrumb","itemListElement":[{"@type":"ListItem","position":1,"name":"Startseite","item":"https:\/\/kunstsped.de\/"},{"@type":"ListItem","position":2,"name":"Kontakt"}]},{"@type":"WebSite","@id":"https:\/\/kunstsped.de\/de_de\/#website","url":"https:\/\/kunstsped.de\/de_de\/","name":"kunstsped.de","description":"Kunst- und Antiquit\u00e4tentransporte","potentialAction":[{"@type":"SearchAction","target":{"@type":"EntryPoint","urlTemplate":"https:\/\/kunstsped.de\/de_de\/?s={search_term_string}"},"query-input":{"@type":"PropertyValueSpecification","valueRequired":true,"valueName":"search_term_string"}}],"inLanguage":"en-US"}]}},"jetpack_sharing_enabled":true,"jetpack_shortlink":"https:\/\/wp.me\/P9IFn6-L","jetpack_likes_enabled":true,"jetpack-related-posts":[],"_links":{"self":[{"href":"https:\/\/kunstsped.de\/en\/wp-json\/wp\/v2\/pages\/47","targetHints":{"allow":["GET"]}}],"collection":[{"href":"https:\/\/kunstsped.de\/en\/wp-json\/wp\/v2\/pages"}],"about":[{"href":"https:\/\/kunstsped.de\/en\/wp-json\/wp\/v2\/types\/page"}],"author":[{"embeddable":true,"href":"https:\/\/kunstsped.de\/en\/wp-json\/wp\/v2\/users\/1"}],"replies":[{"embeddable":true,"href":"https:\/\/kunstsped.de\/en\/wp-json\/wp\/v2\/comments?post=47"}],"version-history":[{"count":6,"href":"https:\/\/kunstsped.de\/en\/wp-json\/wp\/v2\/pages\/47\/revisions"}],"predecessor-version":[{"id":2865,"href":"https:\/\/kunstsped.de\/en\/wp-json\/wp\/v2\/pages\/47\/revisions\/2865"}],"wp:attachment":[{"href":"https:\/\/kunstsped.de\/en\/wp-json\/wp\/v2\/media?parent=47"}],"curies":[{"name":"wp","href":"https:\/\/api.w.org\/{rel}","templated":true}]}}